


{"id":341,"date":"2025-05-14T09:45:15","date_gmt":"2025-05-14T07:45:15","guid":{"rendered":"https:\/\/minor-labora.de\/?page_id=341"},"modified":"2026-01-19T15:53:20","modified_gmt":"2026-01-19T14:53:20","slug":"team-1","status":"publish","type":"page","link":"https:\/\/minor-labora.de\/es\/team-1\/","title":{"rendered":"Prueba de equipo"},"content":{"rendered":"<div class=\"wpb-content-wrapper\"><div class=\"vc-row-container container\"><div class=\"vc_row wpb_row vc_row-fluid\"><div class=\"wpb_column vc_column_container vc_col-sm-12\"><div class=\"vc_column-inner\"><div class=\"wpb_wrapper\"><style data-inline-style>#team-members-5o7nt .new-member-join .thumb{aspect-ratio: 1;}<\/style>\n<div id=\"team-members-5o7nt\" class=\"lab-team-members  teamblock\">\n\t<div class=\"team-holder\">\n\t\t<div class=\"row\">\n\t\t\t<div class=\"col-md-3 col-sm-6\">\n\t<div class=\"member layout-visible-titles\" data-aov=\"fade-in-up\" data-aov-duration=\"2\">\n\t\t<div class=\"thumb\">\n\t\t\t\n\t\t\t\t\t\t\t<a href=\"mailto:g.fenner@minor-kontor.de\" target=\"\" title=\"\">\n\t\t\t\t\t<span class=\"image-placeholder\" style=\"--k-ratio:1.499707\"><span class=\"loader\"><span class=\"loader-el ball-scale\"><span><\/span><\/span><\/span><img loading=\"lazy\" decoding=\"async\" width=\"2560\" height=\"1707\" src=\"https:\/\/minor-labora.de\/wp-content\/uploads\/2025\/05\/IMG_5604-scaled.jpg\" class=\"attachment- size-\" alt=\"\" srcset=\"https:\/\/minor-labora.de\/wp-content\/uploads\/2025\/05\/IMG_5604-scaled.jpg 2560w, https:\/\/minor-labora.de\/wp-content\/uploads\/2025\/05\/IMG_5604-300x200.jpg 300w, https:\/\/minor-labora.de\/wp-content\/uploads\/2025\/05\/IMG_5604-1024x683.jpg 1024w, https:\/\/minor-labora.de\/wp-content\/uploads\/2025\/05\/IMG_5604-768x512.jpg 768w, https:\/\/minor-labora.de\/wp-content\/uploads\/2025\/05\/IMG_5604-1536x1024.jpg 1536w, https:\/\/minor-labora.de\/wp-content\/uploads\/2025\/05\/IMG_5604-2048x1365.jpg 2048w\" sizes=\"auto, (max-width: 2560px) 100vw, 2560px\" \/><\/span>\t\t\t\t<\/a>\n\t\t\t\t\t<\/div>\n\n\t\t\t\t\t\t<div class=\"member-details link-plain\">\n\t\t<h2>\n\t\t\t\t\t\t\t<a href=\"mailto:g.fenner@minor-kontor.de\" target=\"\" title=\"\">Grit Fenner<\/a>\n\t\t\t\t\t<\/h2>\n\t\t\t\t\t<p class=\"job-title\">pedagogo<\/p>\n\t\t\t<\/div>\n\t\t\t<\/div>\n<\/div>\n<div class=\"col-md-3 col-sm-6\">\n\t<div class=\"member layout-visible-titles\" data-aov=\"fade-in-up\" data-aov-duration=\"2\">\n\t\t<div class=\"thumb\">\n\t\t\t\n\t\t\t\t\t\t\t<a href=\"mailto:g.fenner@minor-kontor.de\" target=\"\" title=\"\">\n\t\t\t\t\t<span class=\"image-placeholder\" style=\"--k-ratio:1.500938\"><span class=\"loader\"><span class=\"loader-el ball-scale\"><span><\/span><\/span><\/span><img loading=\"lazy\" decoding=\"async\" width=\"800\" height=\"533\" src=\"https:\/\/minor-labora.de\/wp-content\/uploads\/2025\/05\/IMG_5569.jpg\" class=\"attachment- size-\" alt=\"\" srcset=\"https:\/\/minor-labora.de\/wp-content\/uploads\/2025\/05\/IMG_5569.jpg 800w, https:\/\/minor-labora.de\/wp-content\/uploads\/2025\/05\/IMG_5569-300x200.jpg 300w, https:\/\/minor-labora.de\/wp-content\/uploads\/2025\/05\/IMG_5569-768x512.jpg 768w\" sizes=\"auto, (max-width: 800px) 100vw, 800px\" \/><\/span>\t\t\t\t<\/a>\n\t\t\t\t\t<\/div>\n\n\t\t\t\t\t\t<div class=\"member-details link-plain\">\n\t\t<h2>\n\t\t\t\t\t\t\t<a href=\"mailto:g.fenner@minor-kontor.de\" target=\"\" title=\"\">Luisa de nuevo<\/a>\n\t\t\t\t\t<\/h2>\n\t\t\t\t\t<p class=\"job-title\">Inform\u00e1tico<\/p>\n\t\t\t<\/div>\n\t\t\t<\/div>\n<\/div>\n<div class=\"col-md-3 col-sm-6\">\n\t<div class=\"member layout-visible-titles\" data-aov=\"fade-in-up\" data-aov-duration=\"2\">\n\t\t<div class=\"thumb\">\n\t\t\t\n\t\t\t\t\t\t\t<a href=\"mailto:g.fenner@minor-kontor.de\" target=\"\" title=\"\">\n\t\t\t\t\t<span class=\"image-placeholder\" style=\"--k-ratio:1.499707\"><span class=\"loader\"><span class=\"loader-el ball-scale\"><span><\/span><\/span><\/span><img loading=\"lazy\" decoding=\"async\" width=\"2560\" height=\"1707\" src=\"https:\/\/minor-labora.de\/wp-content\/uploads\/2025\/05\/IMG_5597-scaled.jpg\" class=\"attachment- size-\" alt=\"\" srcset=\"https:\/\/minor-labora.de\/wp-content\/uploads\/2025\/05\/IMG_5597-scaled.jpg 2560w, https:\/\/minor-labora.de\/wp-content\/uploads\/2025\/05\/IMG_5597-300x200.jpg 300w, https:\/\/minor-labora.de\/wp-content\/uploads\/2025\/05\/IMG_5597-1024x683.jpg 1024w, https:\/\/minor-labora.de\/wp-content\/uploads\/2025\/05\/IMG_5597-768x512.jpg 768w, https:\/\/minor-labora.de\/wp-content\/uploads\/2025\/05\/IMG_5597-1536x1024.jpg 1536w, https:\/\/minor-labora.de\/wp-content\/uploads\/2025\/05\/IMG_5597-2048x1365.jpg 2048w\" sizes=\"auto, (max-width: 2560px) 100vw, 2560px\" \/><\/span>\t\t\t\t<\/a>\n\t\t\t\t\t<\/div>\n\n\t\t\t\t\t\t<div class=\"member-details link-plain\">\n\t\t<h2>\n\t\t\t\t\t\t\t<a href=\"mailto:g.fenner@minor-kontor.de\" target=\"\" title=\"\">Grit Fenner<\/a>\n\t\t\t\t\t<\/h2>\n\t\t\t\t\t<p class=\"job-title\">Algo<\/p>\n\t\t\t<\/div>\n\t\t\t<\/div>\n<\/div>\n<div class=\"col-md-3 col-sm-6\">\n\t<div class=\"member layout-visible-titles\" data-aov=\"fade-in-up\" data-aov-duration=\"2\">\n\t\t<div class=\"thumb\">\n\t\t\t\n\t\t\t\t\t\t\t<a href=\"mailto:#\" target=\"\" title=\"\">\n\t\t\t\t\t<span class=\"image-placeholder\" style=\"--k-ratio:1.500938\"><span class=\"loader\"><span class=\"loader-el ball-scale\"><span><\/span><\/span><\/span><img loading=\"lazy\" decoding=\"async\" width=\"800\" height=\"533\" src=\"https:\/\/minor-labora.de\/wp-content\/uploads\/2025\/05\/IMG_5559.jpg\" class=\"attachment- size-\" alt=\"\" srcset=\"https:\/\/minor-labora.de\/wp-content\/uploads\/2025\/05\/IMG_5559.jpg 800w, https:\/\/minor-labora.de\/wp-content\/uploads\/2025\/05\/IMG_5559-300x200.jpg 300w, https:\/\/minor-labora.de\/wp-content\/uploads\/2025\/05\/IMG_5559-768x512.jpg 768w\" sizes=\"auto, (max-width: 800px) 100vw, 800px\" \/><\/span>\t\t\t\t<\/a>\n\t\t\t\t\t<\/div>\n\n\t\t\t\t\t\t<div class=\"member-details link-plain\">\n\t\t<h2>\n\t\t\t\t\t\t\t<a href=\"mailto:#\" target=\"\" title=\"\">Patr\u00f3n de Andrea<\/a>\n\t\t\t\t\t<\/h2>\n\t\t\t\t\t<p class=\"job-title\">periodista<\/p>\n\t\t\t<\/div>\n\t\t\t<\/div>\n<\/div>\n<div class=\"col-md-3 col-sm-6\">\n\t<div class=\"member layout-visible-titles\" data-aov=\"fade-in-up\" data-aov-duration=\"2\">\n\t\t<div class=\"thumb\">\n\t\t\t\n\t\t\t\t\t\t\t<a href=\"mailto:#\" target=\"\" title=\"\">\n\t\t\t\t\t<span class=\"image-placeholder\" style=\"--k-ratio:1.500938\"><span class=\"loader\"><span class=\"loader-el ball-scale\"><span><\/span><\/span><\/span><img loading=\"lazy\" decoding=\"async\" width=\"800\" height=\"533\" src=\"https:\/\/minor-labora.de\/wp-content\/uploads\/2025\/05\/IMG_5559.jpg\" class=\"attachment- size-\" alt=\"\" srcset=\"https:\/\/minor-labora.de\/wp-content\/uploads\/2025\/05\/IMG_5559.jpg 800w, https:\/\/minor-labora.de\/wp-content\/uploads\/2025\/05\/IMG_5559-300x200.jpg 300w, https:\/\/minor-labora.de\/wp-content\/uploads\/2025\/05\/IMG_5559-768x512.jpg 768w\" sizes=\"auto, (max-width: 800px) 100vw, 800px\" \/><\/span>\t\t\t\t<\/a>\n\t\t\t\t\t<\/div>\n\n\t\t\t\t\t\t<div class=\"member-details link-plain\">\n\t\t<h2>\n\t\t\t\t\t\t\t<a href=\"mailto:#\" target=\"\" title=\"\">Patr\u00f3n de Andrea<\/a>\n\t\t\t\t\t<\/h2>\n\t\t\t\t\t<p class=\"job-title\">periodista<\/p>\n\t\t\t<\/div>\n\t\t\t<\/div>\n<\/div>\n<div class=\"col-md-3 col-sm-6\">\n\t<div class=\"member layout-visible-titles\" data-aov=\"fade-in-up\" data-aov-duration=\"2\">\n\t\t<div class=\"thumb\">\n\t\t\t\n\t\t\t\t\t\t\t<a href=\"mailto:g.fenner@minor-kontor.de\" target=\"\" title=\"\">\n\t\t\t\t\t<span class=\"image-placeholder\" style=\"--k-ratio:1.499707\"><span class=\"loader\"><span class=\"loader-el ball-scale\"><span><\/span><\/span><\/span><img loading=\"lazy\" decoding=\"async\" width=\"2560\" height=\"1707\" src=\"https:\/\/minor-labora.de\/wp-content\/uploads\/2025\/05\/IMG_5597-scaled.jpg\" class=\"attachment- size-\" alt=\"\" srcset=\"https:\/\/minor-labora.de\/wp-content\/uploads\/2025\/05\/IMG_5597-scaled.jpg 2560w, https:\/\/minor-labora.de\/wp-content\/uploads\/2025\/05\/IMG_5597-300x200.jpg 300w, https:\/\/minor-labora.de\/wp-content\/uploads\/2025\/05\/IMG_5597-1024x683.jpg 1024w, https:\/\/minor-labora.de\/wp-content\/uploads\/2025\/05\/IMG_5597-768x512.jpg 768w, https:\/\/minor-labora.de\/wp-content\/uploads\/2025\/05\/IMG_5597-1536x1024.jpg 1536w, https:\/\/minor-labora.de\/wp-content\/uploads\/2025\/05\/IMG_5597-2048x1365.jpg 2048w\" sizes=\"auto, (max-width: 2560px) 100vw, 2560px\" \/><\/span>\t\t\t\t<\/a>\n\t\t\t\t\t<\/div>\n\n\t\t\t\t\t\t<div class=\"member-details link-plain\">\n\t\t<h2>\n\t\t\t\t\t\t\t<a href=\"mailto:g.fenner@minor-kontor.de\" target=\"\" title=\"\">Grit Fenner<\/a>\n\t\t\t\t\t<\/h2>\n\t\t\t\t\t<p class=\"job-title\">Algo<\/p>\n\t\t\t<\/div>\n\t\t\t<\/div>\n<\/div>\n<div class=\"col-md-3 col-sm-6\">\n\t<div class=\"member layout-visible-titles\" data-aov=\"fade-in-up\" data-aov-duration=\"2\">\n\t\t<div class=\"thumb\">\n\t\t\t\n\t\t\t\t\t\t\t<a href=\"mailto:g.fenner@minor-kontor.de\" target=\"\" title=\"\">\n\t\t\t\t\t<span class=\"image-placeholder\" style=\"--k-ratio:1.500938\"><span class=\"loader\"><span class=\"loader-el ball-scale\"><span><\/span><\/span><\/span><img loading=\"lazy\" decoding=\"async\" width=\"800\" height=\"533\" src=\"https:\/\/minor-labora.de\/wp-content\/uploads\/2025\/05\/IMG_5569.jpg\" class=\"attachment- size-\" alt=\"\" srcset=\"https:\/\/minor-labora.de\/wp-content\/uploads\/2025\/05\/IMG_5569.jpg 800w, https:\/\/minor-labora.de\/wp-content\/uploads\/2025\/05\/IMG_5569-300x200.jpg 300w, https:\/\/minor-labora.de\/wp-content\/uploads\/2025\/05\/IMG_5569-768x512.jpg 768w\" sizes=\"auto, (max-width: 800px) 100vw, 800px\" \/><\/span>\t\t\t\t<\/a>\n\t\t\t\t\t<\/div>\n\n\t\t\t\t\t\t<div class=\"member-details link-plain\">\n\t\t<h2>\n\t\t\t\t\t\t\t<a href=\"mailto:g.fenner@minor-kontor.de\" target=\"\" title=\"\">Luisa de nuevo<\/a>\n\t\t\t\t\t<\/h2>\n\t\t\t\t\t<p class=\"job-title\">Inform\u00e1tico<\/p>\n\t\t\t<\/div>\n\t\t\t<\/div>\n<\/div>\n<div class=\"col-md-3 col-sm-6\">\n\t<div class=\"member layout-visible-titles\" data-aov=\"fade-in-up\" data-aov-duration=\"2\">\n\t\t<div class=\"thumb\">\n\t\t\t\n\t\t\t\t\t\t\t<a href=\"mailto:g.fenner@minor-kontor.de\" target=\"\" title=\"\">\n\t\t\t\t\t<span class=\"image-placeholder\" style=\"--k-ratio:1.499707\"><span class=\"loader\"><span class=\"loader-el ball-scale\"><span><\/span><\/span><\/span><img loading=\"lazy\" decoding=\"async\" width=\"2560\" height=\"1707\" src=\"https:\/\/minor-labora.de\/wp-content\/uploads\/2025\/05\/IMG_5604-scaled.jpg\" class=\"attachment- size-\" alt=\"\" srcset=\"https:\/\/minor-labora.de\/wp-content\/uploads\/2025\/05\/IMG_5604-scaled.jpg 2560w, https:\/\/minor-labora.de\/wp-content\/uploads\/2025\/05\/IMG_5604-300x200.jpg 300w, https:\/\/minor-labora.de\/wp-content\/uploads\/2025\/05\/IMG_5604-1024x683.jpg 1024w, https:\/\/minor-labora.de\/wp-content\/uploads\/2025\/05\/IMG_5604-768x512.jpg 768w, https:\/\/minor-labora.de\/wp-content\/uploads\/2025\/05\/IMG_5604-1536x1024.jpg 1536w, https:\/\/minor-labora.de\/wp-content\/uploads\/2025\/05\/IMG_5604-2048x1365.jpg 2048w\" sizes=\"auto, (max-width: 2560px) 100vw, 2560px\" \/><\/span>\t\t\t\t<\/a>\n\t\t\t\t\t<\/div>\n\n\t\t\t\t\t\t<div class=\"member-details link-plain\">\n\t\t<h2>\n\t\t\t\t\t\t\t<a href=\"mailto:g.fenner@minor-kontor.de\" target=\"\" title=\"\">Grit Fenner<\/a>\n\t\t\t\t\t<\/h2>\n\t\t\t\t\t<p class=\"job-title\">pedagogo<\/p>\n\t\t\t<\/div>\n\t\t\t<\/div>\n<\/div>\n\t\t<\/div>\n\t<\/div>\n<\/div>\n<\/div><\/div><\/div><\/div><\/div>\n<\/div>","protected":false},"excerpt":{"rendered":"Grit Fenner Pedagogo Luisa De nuevo Inform\u00e1tico Grit Fenner Algo Andrea patr\u00f3n Periodista Andrea patr\u00f3n Periodista Grit Fenner Algo Luisa De nuevo Inform\u00e1tico Grit Fenner Pedagogo","protected":false},"author":2,"featured_media":0,"parent":0,"menu_order":0,"comment_status":"closed","ping_status":"closed","template":"","meta":{"_acf_changed":false,"footnotes":""},"class_list":["post-341","page","type-page","status-publish","hentry"],"acf":[],"_links":{"self":[{"href":"https:\/\/minor-labora.de\/es\/wp-json\/wp\/v2\/pages\/341","targetHints":{"allow":["GET"]}}],"collection":[{"href":"https:\/\/minor-labora.de\/es\/wp-json\/wp\/v2\/pages"}],"about":[{"href":"https:\/\/minor-labora.de\/es\/wp-json\/wp\/v2\/types\/page"}],"author":[{"embeddable":true,"href":"https:\/\/minor-labora.de\/es\/wp-json\/wp\/v2\/users\/2"}],"replies":[{"embeddable":true,"href":"https:\/\/minor-labora.de\/es\/wp-json\/wp\/v2\/comments?post=341"}],"version-history":[{"count":30,"href":"https:\/\/minor-labora.de\/es\/wp-json\/wp\/v2\/pages\/341\/revisions"}],"predecessor-version":[{"id":800,"href":"https:\/\/minor-labora.de\/es\/wp-json\/wp\/v2\/pages\/341\/revisions\/800"}],"wp:attachment":[{"href":"https:\/\/minor-labora.de\/es\/wp-json\/wp\/v2\/media?parent=341"}],"curies":[{"name":"wp","href":"https:\/\/api.w.org\/{rel}","templated":true}]}}